{"id":3,"date":"2024-04-21T13:38:56","date_gmt":"2024-04-21T11:38:56","guid":{"rendered":"http:\/\/bentheimer-kammerchor.de\/?page_id=3"},"modified":"2024-05-21T11:52:08","modified_gmt":"2024-05-21T09:52:08","slug":"datenschutzerklaerung","status":"publish","type":"page","link":"https:\/\/bentheimer-kammerchor.de\/nl\/datenschutzerklaerung\/","title":{"rendered":"Pri\u00adva\u00adcy\u00adver\u00adkla\u00adring (in het&nbsp;Duits)"},"content":{"rendered":"<h2 class=\"wp-block-heading has-large-font-size\">1. Daten\u00adschutz auf einen&nbsp;Blick<\/h2>\n\n\n\n<h3 class=\"wp-block-heading has-medium-font-size\">All\u00adge\u00admei\u00adne Hinweise<\/h3>\n\n\n\n<p>Die fol\u00adgen\u00adden Hin\u00adwei\u00adse geben einen ein\u00adfa\u00adchen \u00dcber\u00adblick dar\u00ad\u00fcber, was mit Ihren per\u00adso\u00adnen\u00adbe\u00adzo\u00adge\u00adnen Daten pas\u00adsiert, wenn Sie die\u00adse Web\u00adsi\u00adte besu\u00adchen. Per\u00adso\u00adnen\u00adbe\u00adzo\u00adge\u00adne Daten sind alle Daten, mit denen Sie pers\u00f6n\u00adlich iden\u00adti\u00adfi\u00adziert wer\u00adden k\u00f6n\u00adnen. Aus\u00adf\u00ad\u00fchr\u00adli\u00adche Infor\u00adma\u00adti\u00ado\u00adnen zum The\u00adma Daten\u00adschutz ent\u00adnehmen Sie unse\u00adrer unter die\u00adsem Text auf\u00adge\u00adf\u00fchr\u00adten Datenschutzerkl\u00e4rung.<\/p>\n\n\n\n<h3 class=\"wp-block-heading has-medium-font-size\">Datener\u00adf\u00adas\u00adsung auf die\u00adser Website<\/h3>\n\n\n\n<p><strong>Wer ist ver\u00adant\u00adwort\u00adlich f\u00fcr die Datener\u00adf\u00adas\u00adsung auf die\u00adser Website?<\/strong><\/p>\n\n\n\n<p>Die Daten\u00adver\u00adar\u00adbei\u00adtung auf die\u00adser Web\u00adsi\u00adte erfolgt durch den Web\u00adsi\u00adte\u00adbe\u00adtrei\u00adber. Des\u00adsen Kon\u00adtakt\u00adda\u00adten k\u00f6n\u00adnen Sie dem Impres\u00adsum die\u00adser Web\u00adsi\u00adte entnehmen.<\/p>\n\n\n\n<p><strong>Wie erfas\u00adsen wir Ihre&nbsp;Daten?<\/strong><\/p>\n\n\n\n<p>Ihre Daten wer\u00adden zum einen dadurch erho\u00adben, dass Sie uns die\u00adse mit\u00adtei\u00adlen. Hier\u00adbei kann es sich z. B. um Daten han\u00addeln, die Sie in ein Kon\u00adtakt\u00adfor\u00admu\u00adlar eingeben.<\/p>\n\n\n\n<p>Ande\u00adre Daten wer\u00adden auto\u00adma\u00adtisch beim Besuch der Web\u00adsi\u00adte durch unse\u00adre IT-Sys\u00adte\u00adme erfasst. Das sind vor allem tech\u00adni\u00adsche Daten (z. B. Inter\u00adnet\u00adbrow\u00adser, Betriebs\u00adsy\u00ads\u00adtem oder Uhr\u00adzeit des Sei\u00adtenau\u00adfrufs). Die Erf\u00adas\u00adsung die\u00adser Daten erfolgt auto\u00adma\u00adtisch, sobald Sie die\u00adse Web\u00adsi\u00adte betreten.<\/p>\n\n\n\n<p><strong>Wof\u00ad\u00fcr nut\u00adzen wir Ihre&nbsp;Daten?<\/strong><\/p>\n\n\n\n<p>Ein Teil der Daten wird erho\u00adben, um eine fehlerfreie Bereit\u00adstel\u00adlung der Web\u00adsi\u00adte zu gew\u00e4\u00adhr\u00adleis\u00adten. Ande\u00adre Daten k\u00f6n\u00adnen zur Ana\u00adly\u00adse Ihres Nut\u00adzer\u00adver\u00adhal\u00adtens ver\u00adwen\u00addet werden.<\/p>\n\n\n\n<p><strong>Wel\u00adche Rech\u00adte haben Sie bez\u00ad\u00fcg\u00adlich Ihrer&nbsp;Daten?<\/strong><\/p>\n\n\n\n<p>Sie haben jeder\u00adzeit das Recht unent\u00adgelt\u00adlich Aus\u00adkunft \u00fcber Her\u00adkunft, Emp\u00adf\u00e4n\u00adger und Zweck Ihrer gespei\u00adcher\u00adten per\u00adso\u00adnen\u00adbe\u00adzo\u00adge\u00adnen Daten zu erhal\u00adten. Sie haben au\u00dfer\u00addem ein Recht, die Berich\u00adtig\u00adung oder L\u00f6schung die\u00adser Daten zu ver\u00adlan\u00adgen. Hier\u00adzu sowie zu wei\u00adte\u00adren Fra\u00adgen zum The\u00adma Daten\u00adschutz k\u00f6n\u00adnen Sie sich jeder\u00adzeit unter der im Impres\u00adsum ange\u00adge\u00adbe\u00adnen Adres\u00adse an uns wen\u00adden. Des Wei\u00adte\u00adren steht Ihnen ein Beschwer\u00adde\u00adrecht bei der zus\u00adt\u00e4n\u00addi\u00adgen Auf\u00adsichts\u00adbe\u00adh\u00f6r\u00adde&nbsp;zu.<\/p>\n\n\n\n<p>Au\u00dfer\u00addem haben Sie das Recht, unter bes\u00adtimm\u00adten Umst\u00e4n\u00adden die Ein\u00adschr\u00e4n\u00adkung der Ver\u00adar\u00adbei\u00adtung Ihrer per\u00adso\u00adnen\u00adbe\u00adzo\u00adge\u00adnen Daten zu ver\u00adlan\u00adgen. Details hier\u00adzu ent\u00adnehmen Sie der Daten\u00adschut\u00adzer\u00adkl\u00e4\u00adrung unter \u201eRecht auf Ein\u00adschr\u00e4n\u00adkung der Verarbeitung\u201c.<\/p>\n\n\n\n<h2 class=\"wp-block-heading has-large-font-size\">2. Hos\u00adting<\/h2>\n\n\n\n<h3 class=\"wp-block-heading has-medium-font-size\">Exter\u00adnes Hosting<\/h3>\n\n\n\n<p>Die\u00adse Web\u00adsi\u00adte wird bei einem exter\u00adnen Dienst\u00adleis\u00adter gehos\u00adtet (Hos\u00adter). Die per\u00adso\u00adnen\u00adbe\u00adzo\u00adge\u00adnen Daten, die auf die\u00adser Web\u00adsi\u00adte erfasst wer\u00adden, wer\u00adden auf den Ser\u00advern des Hos\u00adters gespei\u00adchert. Hier\u00adbei kann es sich v. a. um IP-Adres\u00adsen, Kon\u00adtak\u00adtan\u00adfra\u00adgen, Meta- und Kom\u00admu\u00adni\u00adkat\u00adions\u00adda\u00adten, Ver\u00adtrags\u00adda\u00adten, Kon\u00adtakt\u00adda\u00adten, Namen, Web\u00adsei\u00adten\u00adzug\u00adrif\u00adfe und son\u00adsti\u00adge Daten, die \u00fcber eine Web\u00adsi\u00adte gene\u00adriert wer\u00adden, handeln.<\/p>\n\n\n\n<p>Der Ein\u00adsatz des Hos\u00adters erfolgt zum Zwec\u00adke der Ver\u00adtragserf\u00ad\u00fcl\u00adlung gegen\u00ad\u00fcber unse\u00adren poten\u00adziel\u00adlen und beste\u00adhen\u00adden Kun\u00adden (Art. 6 Abs. 1 lit. b DSGVO) und im Inte\u00adres\u00adse einer siche\u00adren, schnel\u00adlen und effi\u00adzien\u00adten Bereit\u00adstel\u00adlung unse\u00adres Onli\u00adne-Ange\u00adbots durch einen pro\u00adfes\u00adsi\u00ado\u00adnel\u00adlen Anbie\u00adter (Art. 6 Abs. 1 lit. f&nbsp;DSGVO).<\/p>\n\n\n\n<p>Unser Hos\u00adter wird Ihre Daten nur inso\u00adweit ver\u00adar\u00adbei\u00adten, wie dies zur Erf\u00ad\u00fcl\u00adlung sei\u00adner Leistungs\u00adp\u00adflich\u00adten erfor\u00adder\u00adlich ist und unse\u00adre Weis\u00adun\u00adgen in Bezug auf die\u00adse Daten befolgen.<\/p>\n\n\n\n<p><strong>Abschluss eines Ver\u00adtra\u00adges \u00fcber Auftragsverarbeitung<\/strong><\/p>\n\n\n\n<p>Um die daten\u00adschutz\u00adkon\u00adfor\u00adme Ver\u00adar\u00adbei\u00adtung zu gew\u00e4\u00adhr\u00adleis\u00adten, haben wir einen Ver\u00adtrag \u00fcber Auf\u00adtrags\u00adver\u00adar\u00adbei\u00adtung mit unse\u00adrem Hos\u00adter geschlossen.<\/p>\n\n\n\n<h2 class=\"wp-block-heading has-large-font-size\">3. All\u00adge\u00admei\u00adne Hin\u00adwei\u00adse und Pflichtinformationen<\/h2>\n\n\n\n<h3 class=\"wp-block-heading has-medium-font-size\">Daten\u00adschutz<\/h3>\n\n\n\n<p>Die Betrei\u00adber die\u00adser Sei\u00adten nehmen den Schutz Ihrer pers\u00f6n\u00adli\u00adchen Daten sehr ernst. Wir behan\u00addeln Ihre per\u00adso\u00adnen\u00adbe\u00adzo\u00adge\u00adnen Daten ver\u00adtrau\u00adlich und ents\u00adpre\u00adchend der gesetz\u00adli\u00adchen Daten\u00adschutz\u00advor\u00adschrif\u00adten sowie die\u00adser Datenschutzerkl\u00e4rung.<\/p>\n\n\n\n<p>Wenn Sie die\u00adse Web\u00adsi\u00adte benut\u00adzen, wer\u00adden ver\u00adschie\u00adde\u00adne per\u00adso\u00adnen\u00adbe\u00adzo\u00adge\u00adne Daten erho\u00adben. Per\u00adso\u00adnen\u00adbe\u00adzo\u00adge\u00adne Daten sind Daten, mit denen Sie pers\u00f6n\u00adlich iden\u00adti\u00adfi\u00adziert wer\u00adden k\u00f6n\u00adnen. Die vor\u00adlie\u00adgen\u00adde Daten\u00adschut\u00adzer\u00adkl\u00e4\u00adrung erl\u00e4u\u00adtert, wel\u00adche Daten wir erhe\u00adben und wof\u00ad\u00fcr wir sie nut\u00adzen. Sie erl\u00e4u\u00adtert auch, wie und zu wel\u00adchem Zweck das geschieht.<\/p>\n\n\n\n<p>Wir wei\u00adsen dar\u00adauf hin, dass die Daten\u00ad\u00fcber\u00adtra\u00adgung im Inter\u00adnet (z. B. bei der Kom\u00admu\u00adni\u00adkat\u00adion per E\u2011Mail) Sicher\u00adheits\u00adl\u00fcc\u00adken auf\u00adwei\u00adsen kann. Ein l\u00fcc\u00adken\u00adlo\u00adser Schutz der Daten vor dem Zug\u00adriff durch Drit\u00adte ist nicht m\u00f6glich.<\/p>\n\n\n\n<h3 class=\"wp-block-heading\">Hin\u00adweis zur ver\u00adant\u00adwort\u00adli\u00adchen Stelle<\/h3>\n\n\n\n<p>Die ver\u00adant\u00adwort\u00adli\u00adche Stel\u00adle f\u00fcr die Daten\u00adver\u00adar\u00adbei\u00adtung auf die\u00adser Web\u00adsi\u00adte&nbsp;ist:<\/p>\n\n\n\n<p>Karen Raaf\u00adkes, Vor\u00adsit\u00adzen\u00adde,<br>Wiet\u00admar\u00adscher Str. 55<br>48531 Nord\u00adhorn<br>Tel.: 0175\/8950280<br>Email: karenraafkes@web.de<\/p>\n\n\n\n<p>Ver\u00adant\u00adwort\u00adli\u00adche Stel\u00adle ist die nat\u00ad\u00fcr\u00adli\u00adche oder juris\u00adti\u00adsche Per\u00adson, die allein oder gemein\u00adsam mit ande\u00adren \u00fcber die Zwec\u00adke und Mit\u00adtel der Ver\u00adar\u00adbei\u00adtung von per\u00adso\u00adnen\u00adbe\u00adzo\u00adge\u00adnen Daten (z. B. Namen, E\u2011Mail-Adres\u00adsen o. \u00c4.) entscheidet.<\/p>\n\n\n\n<h3 class=\"wp-block-heading has-medium-font-size\">Wider\u00adruf Ihrer Ein\u00adwil\u00adli\u00adg\u00adung zur Datenverarbeitung<\/h3>\n\n\n\n<p>Vie\u00adle Daten\u00adver\u00adar\u00adbei\u00adtungs\u00advor\u00adg\u00e4n\u00adge sind nur mit Ihrer aus\u00addr\u00fcck\u00adli\u00adchen Ein\u00adwil\u00adli\u00adg\u00adung m\u00f6g\u00adlich. Sie k\u00f6n\u00adnen eine bereits erteil\u00adte Ein\u00adwil\u00adli\u00adg\u00adung jeder\u00adzeit wider\u00adru\u00adfen. Dazu reicht eine form\u00adlo\u00adse Mit\u00adtei\u00adlung per E\u2011Mail an uns. Die Recht\u00adm\u00e4\u00dfig\u00adkeit der bis zum Wider\u00adruf erfolg\u00adten Daten\u00adver\u00adar\u00adbei\u00adtung bleibt vom Wider\u00adruf unber\u00fchrt.<\/p>\n\n\n\n<h3 class=\"wp-block-heading has-medium-font-size\">Widerspruchs\u00adrecht gegen die Datener\u00adhe\u00adbung in beson\u00adde\u00adren F\u00e4l\u00adlen sowie gegen Direkt\u00adwer\u00adbung (Art. 21&nbsp;DSGVO)<\/h3>\n\n\n\n<p>WENN DIE DATENVERARBEITUNG AUF GRUNDLAGE VON ART. 6 ABS. 1 LIT. E ODER F DSGVO ERFOLGT, HABEN SIE JEDERZEIT DAS RECHT, AUS GR\u00dcNDEN, DIE SICH AUS IHRER BESONDEREN SITUATION ERGEBEN, GEGEN DIE VERARBEITUNG IHRER PERSONENBEZOGENEN DATEN WIDERSPRUCH EINZULEGEN; DIES GILT AUCH F\u00dcR EIN AUF DIESE BESTIMMUNGEN GEST\u00dcTZTES PROFILING. DIE JEWEILIGE RECHTSGRUNDLAGE, AUF DENEN EINE VERARBEITUNG BERUHT, ENTNEHMEN SIE DIESER DATENSCHUTZERKL\u00c4RUNG. WENN SIE WIDERSPRUCH EINLEGEN, WERDEN WIR IHRE BETROFFENEN PERSONENBEZOGENEN DATEN NICHT MEHR VERARBEITEN, ES SEI DENN, WIR K\u00d6NNEN ZWINGENDE SCHUTZW\u00dcRDIGE GR\u00dcNDE F\u00dcR DIE VERARBEITUNG NACHWEISEN, DIE IHRE INTERESSEN, RECHTE UND FREIHEITEN \u00dcBERWIEGEN ODER DIE VERARBEITUNG DIENT DER GELTENDMACHUNG, AUS\u00dcBUNG ODER VERTEIDIGUNG VON RECHTSANSPR\u00dcCHEN (WIDERSPRUCH NACH ART. 21 ABS. 1&nbsp;DSGVO).<\/p>\n\n\n\n<p>WERDEN IHRE PERSONENBEZOGENEN DATEN VERARBEITET, UM DIREKTWERBUNG ZU BETREIBEN, SO HABEN SIE DAS RECHT, JEDERZEIT WIDERSPRUCH GEGEN DIE VERARBEITUNG SIE BETREFFENDER PERSONENBEZOGENER DATEN ZUM ZWECKE DERARTIGER WERBUNG EINZULEGEN; DIES GILT AUCH F\u00dcR DAS PROFILING, SOWEIT ES MIT SOLCHER DIREKTWERBUNG IN VERBINDUNG STEHT. WENN SIE WIDERSPRECHEN, WERDEN IHRE PERSONENBEZOGENEN DATEN ANSCHLIESSEND NICHT MEHR ZUM ZWECKE DER DIREKTWERBUNG VERWENDET (WIDERSPRUCH NACH ART. 21 ABS. 2&nbsp;DSGVO).<\/p>\n\n\n\n<h3 class=\"wp-block-heading has-medium-font-size\">Beschwer\u00adde\u00adrecht bei der zus\u00adt\u00e4n\u00addi\u00adgen Aufsichtsbeh\u00f6rde<\/h3>\n\n\n\n<p>Im Fal\u00adle von Ver\u00adst\u00f6\u00dfen gegen die DSGVO steht den Betrof\u00adfe\u00adnen ein Beschwer\u00adde\u00adrecht bei einer Auf\u00adsichts\u00adbe\u00adh\u00f6r\u00adde, ins\u00adbe\u00adson\u00adde\u00adre in dem Mit\u00adglied\u00adstaat ihres gew\u00f6hn\u00adli\u00adchen Aufent\u00adhalts, ihres Arbeits\u00adplat\u00adzes oder des Orts des mut\u00adma\u00df\u00adli\u00adchen Ver\u00adsto\u00dfes zu. Das Beschwer\u00adde\u00adrecht besteht unbe\u00adscha\u00addet ander\u00adwei\u00adti\u00adger ver\u00adwal\u00adtungs\u00adrecht\u00adli\u00adcher oder gericht\u00adli\u00adcher Rechtsbehelfe.<\/p>\n\n\n\n<h3 class=\"wp-block-heading has-medium-font-size\">Recht auf Daten\u00fcbertragbarkeit<\/h3>\n\n\n\n<p>Sie haben das Recht, Daten, die wir auf Grund\u00adla\u00adge Ihrer Ein\u00adwil\u00adli\u00adg\u00adung oder in Erf\u00ad\u00fcl\u00adlung eines Ver\u00adtrags auto\u00adma\u00adti\u00adsiert ver\u00adar\u00adbei\u00adten, an sich oder an einen Drit\u00adten in einem g\u00e4n\u00adgi\u00adgen, maschi\u00adnen\u00adles\u00adba\u00adren For\u00admat aus\u00adh\u00e4n\u00addi\u00adgen zu las\u00adsen. Sofern Sie die direk\u00adte \u00dcber\u00adtra\u00adgung der Daten an einen ande\u00adren Ver\u00adant\u00adwort\u00adli\u00adchen ver\u00adlan\u00adgen, erfolgt dies nur, soweit es tech\u00adnisch mach\u00adbar&nbsp;ist.<\/p>\n\n\n\n<h3 class=\"wp-block-heading has-medium-font-size\">SSL- bzw. TLS-Verschl\u00fcsselung<\/h3>\n\n\n\n<p>Die\u00adse Sei\u00adte nutzt aus Sicher\u00adheits\u00adgr\u00fcn\u00adden und zum Schutz der \u00dcber\u00adtra\u00adgung ver\u00adtrau\u00adli\u00adcher Inhal\u00adte, wie zum Bei\u00adspiel Bestel\u00adlun\u00adgen oder Anfra\u00adgen, die Sie an uns als Sei\u00adten\u00adbe\u00adtrei\u00adber sen\u00adden, eine SSL- bzw. TLS-Ver\u00adschl\u00ad\u00fcs\u00adsel\u00adung. Eine ver\u00adschl\u00ad\u00fcs\u00adsel\u00adte Ver\u00adbin\u00addung erken\u00adnen Sie dar\u00adan, dass die Adress\u00adzei\u00adle des Brow\u00adsers von \u201ehttp:\/\/\u201c auf \u201ehttps:\/\/\u201c wech\u00adselt und an dem Schloss-Sym\u00adbol in Ihrer Browserzeile.<\/p>\n\n\n\n<p>Wenn die SSL- bzw. TLS-Ver\u00adschl\u00ad\u00fcs\u00adsel\u00adung akti\u00adviert ist, k\u00f6n\u00adnen die Daten, die Sie an uns \u00fcber\u00admit\u00adteln, nicht von Drit\u00adten mit\u00adge\u00adle\u00adsen werden.<\/p>\n\n\n\n<h3 class=\"wp-block-heading has-medium-font-size\">Aus\u00adkunft, L\u00f6schung und Berichtigung<\/h3>\n\n\n\n<p>Sie haben im Rah\u00admen der gel\u00adten\u00adden gesetz\u00adli\u00adchen Bes\u00adtim\u00admun\u00adgen jeder\u00adzeit das Recht auf unent\u00adgelt\u00adli\u00adche Aus\u00adkunft \u00fcber Ihre gespei\u00adcher\u00adten per\u00adso\u00adnen\u00adbe\u00adzo\u00adge\u00adnen Daten, deren Her\u00adkunft und Emp\u00adf\u00e4n\u00adger und den Zweck der Daten\u00adver\u00adar\u00adbei\u00adtung und ggf. ein Recht auf Berich\u00adtig\u00adung oder L\u00f6schung die\u00adser Daten. Hier\u00adzu sowie zu wei\u00adte\u00adren Fra\u00adgen zum The\u00adma per\u00adso\u00adnen\u00adbe\u00adzo\u00adge\u00adne Daten k\u00f6n\u00adnen Sie sich jeder\u00adzeit unter der im Impres\u00adsum ange\u00adge\u00adbe\u00adnen Adres\u00adse an uns wenden.<\/p>\n\n\n\n<h3 class=\"wp-block-heading has-medium-font-size\">Recht auf Ein\u00adschr\u00e4n\u00adkung der Verarbeitung<\/h3>\n\n\n\n<p>Sie haben das Recht, die Ein\u00adschr\u00e4n\u00adkung der Ver\u00adar\u00adbei\u00adtung Ihrer per\u00adso\u00adnen\u00adbe\u00adzo\u00adge\u00adnen Daten zu ver\u00adlan\u00adgen. Hier\u00adzu k\u00f6n\u00adnen Sie sich jeder\u00adzeit unter der im Impres\u00adsum ange\u00adge\u00adbe\u00adnen Adres\u00adse an uns wen\u00adden. Das Recht auf Ein\u00adschr\u00e4n\u00adkung der Ver\u00adar\u00adbei\u00adtung besteht in fol\u00adgen\u00adden F\u00e4llen:<\/p>\n\n\n\n<ul class=\"wp-block-list\">\n<li>Wenn Sie die Rich\u00adtig\u00adkeit Ihrer bei uns gespei\u00adcher\u00adten per\u00adso\u00adnen\u00adbe\u00adzo\u00adge\u00adnen Daten bes\u00adtrei\u00adten, ben\u00f6\u00adti\u00adgen wir in der Regel Zeit, um dies zu \u00fcber\u00adpr\u00fc\u00adfen. F\u00fcr die Dau\u00ader der Pr\u00fc\u00adfung haben Sie das Recht, die Ein\u00adschr\u00e4n\u00adkung der Ver\u00adar\u00adbei\u00adtung Ihrer per\u00adso\u00adnen\u00adbe\u00adzo\u00adge\u00adnen Daten zu verlangen.<\/li>\n\n\n\n<li>Wenn die Ver\u00adar\u00adbei\u00adtung Ihrer per\u00adso\u00adnen\u00adbe\u00adzo\u00adge\u00adnen Daten unrecht\u00adm\u00e4\u00dfig geschah\/geschieht, k\u00f6n\u00adnen Sie statt der L\u00f6schung die Ein\u00adschr\u00e4n\u00adkung der Daten\u00adver\u00adar\u00adbei\u00adtung verlangen.<\/li>\n\n\n\n<li>Wenn wir Ihre per\u00adso\u00adnen\u00adbe\u00adzo\u00adge\u00adnen Daten nicht mehr ben\u00f6\u00adti\u00adgen, Sie sie jedoch zur Aus\u00ad\u00fcbung, Ver\u00adtei\u00addi\u00adg\u00adung oder Gel\u00adtend\u00adma\u00adchung von Rechtsan\u00adspr\u00fcchen ben\u00f6\u00adti\u00adgen, haben Sie das Recht, statt der L\u00f6schung die Ein\u00adschr\u00e4n\u00adkung der Ver\u00adar\u00adbei\u00adtung Ihrer per\u00adso\u00adnen\u00adbe\u00adzo\u00adge\u00adnen Daten zu verlangen.<\/li>\n\n\n\n<li>Wenn Sie einen Widerspruch nach Art. 21 Abs. 1 DSGVO ein\u00adge\u00adlegt haben, muss eine Abw\u00e4\u00adgung zwi\u00adschen Ihren und unse\u00adren Inte\u00adres\u00adsen vor\u00adge\u00adnom\u00admen wer\u00adden. Solan\u00adge noch nicht fest\u00adsteht, wes\u00adsen Inte\u00adres\u00adsen \u00fcber\u00adwie\u00adgen, haben Sie das Recht, die Ein\u00adschr\u00e4n\u00adkung der Ver\u00adar\u00adbei\u00adtung Ihrer per\u00adso\u00adnen\u00adbe\u00adzo\u00adge\u00adnen Daten zu verlangen.<\/li>\n<\/ul>\n\n\n\n<p>Wenn Sie die Ver\u00adar\u00adbei\u00adtung Ihrer per\u00adso\u00adnen\u00adbe\u00adzo\u00adge\u00adnen Daten ein\u00adge\u00adschr\u00e4nkt haben, d\u00fcr\u00adfen die\u00adse Daten \u2013 von ihrer Spei\u00adche\u00adrung abge\u00adse\u00adhen \u2013 nur mit Ihrer Ein\u00adwil\u00adli\u00adg\u00adung oder zur Gel\u00adtend\u00adma\u00adchung, Aus\u00ad\u00fcbung oder Ver\u00adtei\u00addi\u00adg\u00adung von Rechtsan\u00adspr\u00fcchen oder zum Schutz der Rech\u00adte einer ande\u00adren nat\u00ad\u00fcr\u00adli\u00adchen oder juris\u00adti\u00adschen Per\u00adson oder aus Gr\u00fcn\u00adden eines wich\u00adti\u00adgen \u00f6ffent\u00adli\u00adchen Inte\u00adres\u00adses der Europ\u00e4i\u00adschen Union oder eines Mit\u00adglied\u00adstaats ver\u00adar\u00adbei\u00adtet werden.<\/p>\n\n\n\n<h3 class=\"wp-block-heading has-medium-font-size\">Widerspruch gegen Werbe-E-Mails<\/h3>\n\n\n\n<p>Der Nut\u00adzung von im Rah\u00admen der Impres\u00adsum\u00adsp\u00adflicht ver\u00ad\u00f6f\u00adfent\u00adlich\u00adten Kon\u00adtakt\u00adda\u00adten zur \u00dcber\u00adsen\u00addung von nicht aus\u00addr\u00fcck\u00adlich ange\u00adfor\u00adder\u00adter Wer\u00adbung und Infor\u00adma\u00adti\u00adons\u00adma\u00adte\u00adri\u00ada\u00adlien wird hier\u00admit widers\u00adpro\u00adchen. Die Betrei\u00adber der Sei\u00adten behal\u00adten sich aus\u00addr\u00fcck\u00adlich recht\u00adli\u00adche Sch\u00adrit\u00adte im Fal\u00adle der unver\u00adlang\u00adten Zusen\u00addung von Wer\u00adbein\u00adfor\u00adma\u00adti\u00ado\u00adnen, etwa durch Spam-E-Mails, vor.<\/p>\n\n\n\n<h2 class=\"wp-block-heading has-large-font-size\">4. Datener\u00adf\u00adas\u00adsung auf die\u00adser Website<\/h2>\n\n\n\n<h3 class=\"wp-block-heading has-medium-font-size\">Coo\u00adkies<\/h3>\n\n\n\n<p>Die Inter\u00adnetsei\u00adten ver\u00adwen\u00adden teil\u00adwei\u00adse so genan\u00adn\u00adte Coo\u00adkies. Coo\u00adkies rich\u00adten auf Ihrem Rech\u00adner kei\u00adnen Scha\u00adden an und ent\u00adhal\u00adten kei\u00adne Viren. Coo\u00adkies die\u00adnen dazu, unser Ange\u00adbot nut\u00adzerf\u00adreund\u00adli\u00adcher, effek\u00adti\u00adver und siche\u00adrer zu machen. Coo\u00adkies sind klei\u00adne Text\u00adda\u00adtei\u00aden, die auf Ihrem Rech\u00adner abge\u00adlegt wer\u00adden und die Ihr Brow\u00adser speichert.<\/p>\n\n\n\n<p>Die meis\u00adten der von uns ver\u00adwen\u00addeten Coo\u00adkies sind so genan\u00adn\u00adte \u201eSes\u00adsi\u00adon-Coo\u00adkies\u201c. Sie wer\u00adden nach Ende Ihres Besuchs auto\u00adma\u00adtisch gel\u00f6\u00adscht. Ande\u00adre Coo\u00adkies blei\u00adben auf Ihrem End\u00adger\u00e4t gespei\u00adchert bis Sie die\u00adse l\u00f6schen. Die\u00adse Coo\u00adkies erm\u00f6g\u00adli\u00adchen es uns, Ihren Brow\u00adser beim n\u00e4ch\u00adsten Besuch wiederzuerkennen.<\/p>\n\n\n\n<p>Sie k\u00f6n\u00adnen Ihren Brow\u00adser so ein\u00adstel\u00adlen, dass Sie \u00fcber das Set\u00adzen von Coo\u00adkies infor\u00admiert wer\u00adden und Coo\u00adkies nur im Ein\u00adzelf\u00adall erlau\u00adben, die Annah\u00adme von Coo\u00adkies f\u00fcr bes\u00adtimm\u00adte F\u00e4l\u00adle oder gene\u00adrell aus\u00adschlie\u00dfen sowie das auto\u00adma\u00adti\u00adsche L\u00f6schen der Coo\u00adkies beim Schlie\u00dfen des Brow\u00adsers akti\u00advie\u00adren. Bei der Deak\u00adti\u00advie\u00adrung von Coo\u00adkies kann die Funk\u00adti\u00ado\u00adna\u00adlit\u00e4t die\u00adser Web\u00adsi\u00adte ein\u00adge\u00adschr\u00e4nkt sein.<\/p>\n\n\n\n<p>Coo\u00adkies, die zur Dur\u00adch\u00adf\u00ad\u00fchrung des elek\u00adtro\u00adni\u00adschen Kom\u00admu\u00adni\u00adkat\u00adions\u00advor\u00adgangs oder zur Bereit\u00adstel\u00adlung bes\u00adtimm\u00adter, von Ihnen erw\u00ad\u00fcn\u00adschter Funk\u00adti\u00ado\u00adnen (z. B. Waren\u00adkorb\u00adfunk\u00adti\u00adon) erfor\u00adder\u00adlich sind, wer\u00adden auf Grund\u00adla\u00adge von Art. 6 Abs. 1 lit. f DSGVO gespei\u00adchert. Der Web\u00adsi\u00adte\u00adbe\u00adtrei\u00adber hat ein berech\u00adtig\u00adtes Inte\u00adres\u00adse an der Spei\u00adche\u00adrung von Coo\u00adkies zur tech\u00adnisch fehlerfrei\u00aden und opti\u00admier\u00adten Bereit\u00adstel\u00adlung sei\u00adner Dien\u00adste. Sofern eine ents\u00adpre\u00adchen\u00adde Ein\u00adwil\u00adli\u00adg\u00adung abge\u00adfragt wur\u00adde (z. B. eine Ein\u00adwil\u00adli\u00adg\u00adung zur Spei\u00adche\u00adrung von Coo\u00adkies), erfolgt die Ver\u00adar\u00adbei\u00adtung aus\u00adschlie\u00df\u00adlich auf Grund\u00adla\u00adge von Art. 6 Abs. 1 lit. a DSGVO; die Ein\u00adwil\u00adli\u00adg\u00adung ist jeder\u00adzeit widerrufbar.<\/p>\n\n\n\n<p>Soweit ande\u00adre Coo\u00adkies (z. B. Coo\u00adkies zur Ana\u00adly\u00adse Ihres Surf\u00adver\u00adhal\u00adtens) gespei\u00adchert wer\u00adden, wer\u00adden die\u00adse in die\u00adser Daten\u00adschut\u00adzer\u00adkl\u00e4\u00adrung geson\u00addert behandelt.<\/p>\n\n\n\n<h3 class=\"wp-block-heading has-medium-font-size\">Ser\u00adver-Log-Datei\u00aden<\/h3>\n\n\n\n<p>Der Pro\u00advi\u00adder der Sei\u00adten erhebt und spei\u00adchert auto\u00adma\u00adtisch Infor\u00adma\u00adti\u00ado\u00adnen in so genan\u00adn\u00adten Ser\u00adver-Log-Datei\u00aden, die Ihr Brow\u00adser auto\u00adma\u00adtisch an uns \u00fcber\u00admit\u00adtelt. Dies&nbsp;sind:<\/p>\n\n\n\n<ul class=\"wp-block-list\">\n<li>Brow\u00adser\u00adtyp und Browserversion<\/li>\n\n\n\n<li>ver\u00adwen\u00adde\u00adtes Betriebssystem<\/li>\n\n\n\n<li>Refer\u00adrer&nbsp;URL<\/li>\n\n\n\n<li>Host\u00adna\u00adme des zug\u00adrei\u00adfen\u00adden Rechners<\/li>\n\n\n\n<li>Uhr\u00adzeit der Serveranfrage<\/li>\n\n\n\n<li>IP-Adres\u00adse<\/li>\n<\/ul>\n\n\n\n<p>Eine Zusam\u00admen\u00adf\u00ad\u00fchrung die\u00adser Daten mit ande\u00adren Dat\u00aden\u00adquel\u00adlen wird nicht vorgenommen.<\/p>\n\n\n\n<p>Die Erf\u00adas\u00adsung die\u00adser Daten erfolgt auf Grund\u00adla\u00adge von Art. 6 Abs. 1 lit. f DSGVO. Der Web\u00adsi\u00adte\u00adbe\u00adtrei\u00adber hat ein berech\u00adtig\u00adtes Inte\u00adres\u00adse an der tech\u00adnisch fehlerfrei\u00aden Dar\u00adstel\u00adlung und der Opti\u00admie\u00adrung sei\u00adner Web\u00adsi\u00adte \u2013 hier\u00adzu m\u00fcs\u00adsen die Ser\u00adver-Log-Files erfasst werden.<\/p>\n\n\n\n<h3 class=\"wp-block-heading has-medium-font-size\">Kon\u00adtakt\u00adfor\u00admu\u00adlar<\/h3>\n\n\n\n<p>Wenn Sie uns per Kon\u00adtakt\u00adfor\u00admu\u00adlar Anfra\u00adgen zukom\u00admen las\u00adsen, wer\u00adden Ihre Anga\u00adben aus dem Anfra\u00adge\u00adfor\u00admu\u00adlar ink\u00adlu\u00adsi\u00adve der von Ihnen dort ange\u00adge\u00adbe\u00adnen Kon\u00adtakt\u00adda\u00adten zwecks Bear\u00adbei\u00adtung der Anfra\u00adge und f\u00fcr den Fall von Anschluss\u00adfra\u00adgen bei uns gespei\u00adchert. Die\u00adse Daten geben wir nicht ohne Ihre Ein\u00adwil\u00adli\u00adg\u00adung weiter.<\/p>\n\n\n\n<p>Die Ver\u00adar\u00adbei\u00adtung die\u00adser Daten erfolgt auf Grund\u00adla\u00adge von Art. 6 Abs. 1 lit. b DSGVO, sofern Ihre Anfra\u00adge mit der Erf\u00ad\u00fcl\u00adlung eines Ver\u00adtrags zusam\u00admen\u00adh\u00e4ngt oder zur Dur\u00adch\u00adf\u00ad\u00fchrung vor\u00adver\u00adtrag\u00adli\u00adcher Ma\u00df\u00adnah\u00admen erfor\u00adder\u00adlich ist. In allen \u00fcbri\u00adgen F\u00e4l\u00adlen beruht die Ver\u00adar\u00adbei\u00adtung auf unse\u00adrem berech\u00adtig\u00adten Inte\u00adres\u00adse an der effek\u00adti\u00adven Bear\u00adbei\u00adtung der an uns gerich\u00adte\u00adten Anfra\u00adgen (Art. 6 Abs. 1 lit. f DSGVO) oder auf Ihrer Ein\u00adwil\u00adli\u00adg\u00adung (Art. 6 Abs. 1 lit. a DSGVO) sofern die\u00adse abge\u00adfragt&nbsp;wurde.<\/p>\n\n\n\n<p>Die von Ihnen im Kon\u00adtakt\u00adfor\u00admu\u00adlar ein\u00adge\u00adge\u00adbe\u00adnen Daten ver\u00adblei\u00adben bei uns, bis Sie uns zur L\u00f6schung auf\u00adfor\u00addern, Ihre Ein\u00adwil\u00adli\u00adg\u00adung zur Spei\u00adche\u00adrung wider\u00adru\u00adfen oder der Zweck f\u00fcr die Datens\u00adpei\u00adche\u00adrung ent\u00adf\u00e4llt (z. B. nach abge\u00adschlos\u00adse\u00adner Bear\u00adbei\u00adtung Ihrer Anfra\u00adge). Zwin\u00adgen\u00adde gesetz\u00adli\u00adche Bes\u00adtim\u00admun\u00adgen \u2013 ins\u00adbe\u00adson\u00adde\u00adre Auf\u00adbe\u00adwah\u00adrungs\u00adfris\u00adten \u2013 blei\u00adben unber\u00fchrt.<\/p>\n\n\n\n<h3 class=\"wp-block-heading has-medium-font-size\">Anfra\u00adge per E\u2011Mail, Tele\u00adfon oder Telefax<\/h3>\n\n\n\n<p>Wenn Sie uns per E\u2011Mail, Tele\u00adfon oder Tele\u00adfax kon\u00adtak\u00adtie\u00adren, wird Ihre Anfra\u00adge ink\u00adlu\u00adsi\u00adve aller daraus her\u00advor\u00adge\u00adhen\u00adden per\u00adso\u00adnen\u00adbe\u00adzo\u00adge\u00adnen Daten (Name, Anfra\u00adge) zum Zwec\u00adke der Bear\u00adbei\u00adtung Ihres Anlie\u00adgens bei uns gespei\u00adchert und ver\u00adar\u00adbei\u00adtet. Die\u00adse Daten geben wir nicht ohne Ihre Ein\u00adwil\u00adli\u00adg\u00adung weiter.<\/p>\n\n\n\n<p>Die Ver\u00adar\u00adbei\u00adtung die\u00adser Daten erfolgt auf Grund\u00adla\u00adge von Art. 6 Abs. 1 lit. b DSGVO, sofern Ihre Anfra\u00adge mit der Erf\u00ad\u00fcl\u00adlung eines Ver\u00adtrags zusam\u00admen\u00adh\u00e4ngt oder zur Dur\u00adch\u00adf\u00ad\u00fchrung vor\u00adver\u00adtrag\u00adli\u00adcher Ma\u00df\u00adnah\u00admen erfor\u00adder\u00adlich ist. In allen \u00fcbri\u00adgen F\u00e4l\u00adlen beruht die Ver\u00adar\u00adbei\u00adtung auf Ihrer Ein\u00adwil\u00adli\u00adg\u00adung (Art. 6 Abs. 1 lit. a DSGVO) und\/oder auf unse\u00adren berech\u00adtig\u00adten Inte\u00adres\u00adsen (Art. 6 Abs. 1 lit. f DSGVO), da wir ein berech\u00adtig\u00adtes Inte\u00adres\u00adse an der effek\u00adti\u00adven Bear\u00adbei\u00adtung der an uns gerich\u00adte\u00adten Anfra\u00adgen&nbsp;haben.<\/p>\n\n\n\n<p>Die von Ihnen an uns per Kon\u00adtak\u00adtan\u00adfra\u00adgen \u00fcber\u00adsand\u00adten Daten ver\u00adblei\u00adben bei uns, bis Sie uns zur L\u00f6schung auf\u00adfor\u00addern, Ihre Ein\u00adwil\u00adli\u00adg\u00adung zur Spei\u00adche\u00adrung wider\u00adru\u00adfen oder der Zweck f\u00fcr die Datens\u00adpei\u00adche\u00adrung ent\u00adf\u00e4llt (z. B. nach abge\u00adschlos\u00adse\u00adner Bear\u00adbei\u00adtung Ihres Anlie\u00adgens). Zwin\u00adgen\u00adde gesetz\u00adli\u00adche Bes\u00adtim\u00admun\u00adgen \u2013 ins\u00adbe\u00adson\u00adde\u00adre gesetz\u00adli\u00adche Auf\u00adbe\u00adwah\u00adrungs\u00adfris\u00adten \u2013 blei\u00adben unber\u00fchrt.<\/p>\n\n\n\n<h2 class=\"wp-block-heading has-large-font-size\">5. News\u00adlet\u00adter<\/h2>\n\n\n\n<h3 class=\"wp-block-heading has-medium-font-size\">News\u00adlet\u00adter\u00adda\u00adten<\/h3>\n\n\n\n<p>Wenn Sie den auf der Web\u00adsi\u00adte ange\u00adbo\u00adte\u00adnen News\u00adlet\u00adter bezie\u00adhen m\u00f6ch\u00adten, ben\u00f6\u00adti\u00adgen wir von Ihnen eine E\u2011Mail-Adres\u00adse sowie Infor\u00adma\u00adti\u00ado\u00adnen, wel\u00adche uns die \u00dcber\u00adpr\u00fc\u00adfung gestat\u00adten, dass Sie der Inha\u00adber der ange\u00adge\u00adbe\u00adnen E\u2011Mail-Adres\u00adse sind und mit dem Emp\u00adfang des News\u00adlet\u00adters ein\u00adver\u00adstan\u00adden sind. Wei\u00adte\u00adre Daten wer\u00adden nicht bzw. nur auf frei\u00adwil\u00adli\u00adger Basis erho\u00adben. Die\u00adse Daten ver\u00adwen\u00adden wir aus\u00adschlie\u00df\u00adlich f\u00fcr den Ver\u00adsand der ange\u00adfor\u00adder\u00adten Infor\u00adma\u00adti\u00ado\u00adnen und geben die\u00adse nicht an Drit\u00adte weiter.<\/p>\n\n\n\n<p>Die Ver\u00adar\u00adbei\u00adtung der in das News\u00adlet\u00adteran\u00admel\u00adde\u00adfor\u00admu\u00adlar ein\u00adge\u00adge\u00adbe\u00adnen Daten erfolgt aus\u00adschlie\u00df\u00adlich auf Grund\u00adla\u00adge Ihrer Ein\u00adwil\u00adli\u00adg\u00adung (Art. 6 Abs. 1 lit. a DSGVO). Die erteil\u00adte Ein\u00adwil\u00adli\u00adg\u00adung zur Spei\u00adche\u00adrung der Daten, der E\u2011Mail-Adres\u00adse sowie deren Nut\u00adzung zum Ver\u00adsand des News\u00adlet\u00adters k\u00f6n\u00adnen Sie jeder\u00adzeit wider\u00adru\u00adfen, etwa \u00fcber den \u201eAustragen\u201c-Link im News\u00adlet\u00adter. Die Recht\u00adm\u00e4\u00dfig\u00adkeit der bereits erfolg\u00adten Daten\u00adver\u00adar\u00adbei\u00adtungs\u00advor\u00adg\u00e4n\u00adge bleibt vom Wider\u00adruf unber\u00fchrt.<\/p>\n\n\n\n<p>Die von Ihnen zum Zwec\u00adke des News\u00adlet\u00adter-Bezugs bei uns hin\u00adter\u00adleg\u00adten Daten wer\u00adden von uns bis zu Ihrer Aus\u00adtra\u00adgung aus dem News\u00adlet\u00adter bei uns bzw. dem News\u00adlet\u00adter\u00addienste\u00adan\u00adbie\u00adter gespei\u00adchert und nach der Abbe\u00adstel\u00adlung des News\u00adlet\u00adters aus der News\u00adlet\u00adter\u00adver\u00adtei\u00adler\u00adlis\u00adte gel\u00f6\u00adscht. Daten, die zu ande\u00adren Zwec\u00adken bei uns gespei\u00adchert wur\u00adden blei\u00adben hier\u00advon unber\u00fchrt.<\/p>\n\n\n\n<p>Nach Ihrer Aus\u00adtra\u00adgung aus der News\u00adlet\u00adter\u00adver\u00adtei\u00adler\u00adlis\u00adte wird Ihre E\u2011Mail-Adres\u00adse bei uns bzw. dem News\u00adlet\u00adter\u00addienste\u00adan\u00adbie\u00adter ggf. in einer Blac\u00adk\u00adlist gespei\u00adchert, um k\u00fcnf\u00adti\u00adge Mai\u00adlings zu ver\u00adhin\u00addern. Die Daten aus der Blac\u00adk\u00adlist wer\u00adden nur f\u00fcr die\u00adsen Zweck ver\u00adwen\u00addet und nicht mit ande\u00adren Daten zusam\u00admen\u00adge\u00adf\u00fchrt. Dies dient sowohl Ihrem Inte\u00adres\u00adse als auch unse\u00adrem Inte\u00adres\u00adse an der Ein\u00adhal\u00adtung der gesetz\u00adli\u00adchen Vorg\u00ada\u00adben beim Ver\u00adsand von News\u00adlet\u00adtern (berech\u00adtig\u00adtes Inte\u00adres\u00adse im Sin\u00adne des Art. 6 Abs. 1 lit. f DSGVO). Die Spei\u00adche\u00adrung in der Blac\u00adk\u00adlist ist zeit\u00adlich nicht befris\u00adtet. <strong>Sie k\u00f6n\u00adnen der Spei\u00adche\u00adrung widerspre\u00adchen, sofern Ihre Inte\u00adres\u00adsen unser berech\u00adtig\u00adtes Inte\u00adres\u00adse \u00fcberwiegen.<\/strong><\/p>\n\n\n\n<h2 class=\"wp-block-heading has-large-font-size\">6. Plu\u00adgins und&nbsp;Tools<\/h2>\n\n\n\n<h3 class=\"wp-block-heading has-medium-font-size\">Goog\u00adle Web&nbsp;Fonts<\/h3>\n\n\n\n<p>Die\u00adse Sei\u00adte nutzt zur ein\u00adheit\u00adli\u00adchen Dar\u00adstel\u00adlung von Schriftar\u00adten so genan\u00adn\u00adte Web Fonts, die von Goog\u00adle bereit\u00adge\u00adstellt wer\u00adden. Beim Aufruf einer Sei\u00adte l\u00e4dt Ihr Brow\u00adser die ben\u00f6\u00adtig\u00adten Web Fonts in ihren Brow\u00adser\u00adca\u00adche, um Tex\u00adte und Schriftar\u00adten kor\u00adrekt anzuzeigen.<\/p>\n\n\n\n<p>Zu die\u00adsem Zweck muss der von Ihnen ver\u00adwen\u00adde\u00adte Brow\u00adser Ver\u00adbin\u00addung zu den Ser\u00advern von Goog\u00adle auf\u00adnehmen. Hier\u00addurch erlangt Goog\u00adle Ken\u00adnt\u00adnis dar\u00ad\u00fcber, dass \u00fcber Ihre IP-Adres\u00adse die\u00adse Web\u00adsi\u00adte auf\u00adge\u00adru\u00adfen wur\u00adde. Die Nut\u00adzung von Goog\u00adle Web Fonts erfolgt im Inte\u00adres\u00adse einer ein\u00adheit\u00adli\u00adchen und anspre\u00adchen\u00adden Dar\u00adstel\u00adlung unse\u00adrer Onli\u00adne-Ange\u00adbo\u00adte. Dies stellt ein berech\u00adtig\u00adtes Inte\u00adres\u00adse im Sin\u00adne von Art. 6 Abs. 1 lit. f DSGVO&nbsp;dar.<\/p>\n\n\n\n<p>Wenn Ihr Brow\u00adser Web Fonts nicht unter\u00adst\u00ad\u00fctzt, wird eine Standard\u00adschrift von Ihrem Com\u00adpu\u00adter genutzt.<\/p>\n\n\n\n<p>Wei\u00adte\u00adre Infor\u00adma\u00adti\u00ado\u00adnen zu Goog\u00adle Web Fonts fin\u00adden Sie unter <a href=\"https:\/\/developers.google.com\/fonts\/faq\" target=\"_blank\" rel=\"noreferrer noopener\">https:\/\/developers.google.com\/fonts\/faq<\/a> und in der Daten\u00adschut\u00adzer\u00adkl\u00e4\u00adrung von Goog\u00adle: <a href=\"https:\/\/policies.google.com\/privacy?hl=de\" target=\"_blank\" rel=\"noreferrer noopener\">https:\/\/policies.google.com\/privacy?hl=de<\/a>.<\/p>\n\n\n\n<h2 class=\"wp-block-heading has-large-font-size\">7. eCom\u00admer\u00adce und Zahlungsanbieter<\/h2>\n\n\n\n<h3 class=\"wp-block-heading has-medium-font-size\">Ver\u00adar\u00adbei\u00adten von Daten (Kun\u00adden- und Vertragsdaten)<\/h3>\n\n\n\n<p>Wir erhe\u00adben, ver\u00adar\u00adbei\u00adten und nut\u00adzen per\u00adso\u00adnen\u00adbe\u00adzo\u00adge\u00adne Daten nur, soweit sie f\u00fcr die Begr\u00fcn\u00addung, inhalt\u00adli\u00adche Aus\u00adge\u00adstal\u00adtung oder \u00c4nder\u00adung des Rechts\u00adver\u00adh\u00e4lt\u00adnis\u00adses erfor\u00adder\u00adlich sind (Bestands\u00adda\u00adten). Dies erfolgt auf Grund\u00adla\u00adge von Art. 6 Abs. 1 lit. b DSGVO, der die Ver\u00adar\u00adbei\u00adtung von Daten zur Erf\u00ad\u00fcl\u00adlung eines Ver\u00adtrags oder vor\u00adver\u00adtrag\u00adli\u00adcher Ma\u00df\u00adnah\u00admen gestat\u00adtet. Per\u00adso\u00adnen\u00adbe\u00adzo\u00adge\u00adne Daten \u00fcber die Inan\u00adspruchnah\u00adme die\u00adser Web\u00adsi\u00adte (Nut\u00adzungs\u00adda\u00adten) erhe\u00adben, ver\u00adar\u00adbei\u00adten und nut\u00adzen wir nur, soweit dies erfor\u00adder\u00adlich ist, um dem Nut\u00adzer die Inan\u00adspruchnah\u00adme des Diens\u00adtes zu erm\u00f6g\u00adli\u00adchen oder abzurechnen.<\/p>\n\n\n\n<p>Die erho\u00adbe\u00adnen Kun\u00adden\u00adda\u00adten wer\u00adden nach Abschluss des Auf\u00adtrags oder Been\u00addi\u00adg\u00adung der Gesch\u00e4fts\u00adbe\u00adzie\u00adhung gel\u00f6\u00adscht. Gesetz\u00adli\u00adche Auf\u00adbe\u00adwah\u00adrungs\u00adfris\u00adten blei\u00adben unber\u00fchrt.<\/p>","protected":false},"excerpt":{"rendered":"<p>1. Datenschutz auf einen Blick Allgemeine Hinweise Die folgenden Hinweise geben einen einfachen \u00dcberblick dar\u00fcber, was mit Ihren personenbezogenen Daten passiert, wenn Sie diese Website besuchen. Personenbezogene Daten sind alle Daten, mit denen Sie pers\u00f6nlich identifiziert werden k\u00f6nnen. Ausf\u00fchrliche Informationen zum Thema Datenschutz entnehmen Sie unserer unter diesem Text aufgef\u00fchrten Datenschutzerkl\u00e4rung. Datenerfassung auf dieser Website [&hellip;]<\/p>\n","protected":false},"author":1,"featured_media":0,"parent":0,"menu_order":0,"comment_status":"closed","ping_status":"open","template":"","meta":{"wp_typography_post_enhancements_disabled":false,"footnotes":""},"class_list":["post-3","page","type-page","status-publish","hentry"],"yoast_head":"<!-- This site is optimized with the Yoast SEO plugin v27.5 - https:\/\/yoast.com\/product\/yoast-seo-wordpress\/ -->\n<title>Datenschutzerkl\u00e4rung &#8212; Bentheimer Kammerchor<\/title>\n<meta name=\"robots\" content=\"index, follow, max-snippet:-1, max-image-preview:large, max-video-preview:-1\" \/>\n<link rel=\"canonical\" href=\"https:\/\/bentheimer-kammerchor.de\/nl\/datenschutzerklaerung\/\" \/>\n<meta property=\"og:locale\" content=\"nl_NL\" \/>\n<meta property=\"og:type\" content=\"article\" \/>\n<meta property=\"og:title\" content=\"Datenschutzerkl\u00e4rung &#8212; Bentheimer Kammerchor\" \/>\n<meta property=\"og:description\" content=\"1. Datenschutz auf einen Blick Allgemeine Hinweise Die folgenden Hinweise geben einen einfachen \u00dcberblick dar\u00fcber, was mit Ihren personenbezogenen Daten passiert, wenn Sie diese Website besuchen. Personenbezogene Daten sind alle Daten, mit denen Sie pers\u00f6nlich identifiziert werden k\u00f6nnen. Ausf\u00fchrliche Informationen zum Thema Datenschutz entnehmen Sie unserer unter diesem Text aufgef\u00fchrten Datenschutzerkl\u00e4rung. Datenerfassung auf dieser Website [&hellip;]\" \/>\n<meta property=\"og:url\" content=\"https:\/\/bentheimer-kammerchor.de\/nl\/datenschutzerklaerung\/\" \/>\n<meta property=\"og:site_name\" content=\"Bentheimer Kammerchor\" \/>\n<meta property=\"article:publisher\" content=\"https:\/\/www.facebook.com\/p\/Bentheimer-Kammerchor-100077937920379\/\" \/>\n<meta property=\"article:modified_time\" content=\"2024-05-21T09:52:08+00:00\" \/>\n<meta property=\"og:image\" content=\"https:\/\/bentheimer-kammerchor.de\/wp-content\/uploads\/2024\/06\/Bentheimer-Kammerchor_edit.jpg\" \/>\n\t<meta property=\"og:image:width\" content=\"1600\" \/>\n\t<meta property=\"og:image:height\" content=\"558\" \/>\n\t<meta property=\"og:image:type\" content=\"image\/jpeg\" \/>\n<meta name=\"twitter:card\" content=\"summary_large_image\" \/>\n<meta name=\"twitter:label1\" content=\"Geschatte leestijd\" \/>\n\t<meta name=\"twitter:data1\" content=\"13 minuten\" \/>\n<script type=\"application\/ld+json\" class=\"yoast-schema-graph\">{\"@context\":\"https:\\\/\\\/schema.org\",\"@graph\":[{\"@type\":\"WebPage\",\"@id\":\"https:\\\/\\\/bentheimer-kammerchor.de\\\/nl\\\/datenschutzerklaerung\\\/\",\"url\":\"https:\\\/\\\/bentheimer-kammerchor.de\\\/nl\\\/datenschutzerklaerung\\\/\",\"name\":\"Datenschutzerkl\u00e4rung &#8212; Bentheimer Kammerchor\",\"isPartOf\":{\"@id\":\"https:\\\/\\\/bentheimer-kammerchor.de\\\/#website\"},\"datePublished\":\"2024-04-21T11:38:56+00:00\",\"dateModified\":\"2024-05-21T09:52:08+00:00\",\"breadcrumb\":{\"@id\":\"https:\\\/\\\/bentheimer-kammerchor.de\\\/nl\\\/datenschutzerklaerung\\\/#breadcrumb\"},\"inLanguage\":\"nl-NL\",\"potentialAction\":[{\"@type\":\"ReadAction\",\"target\":[\"https:\\\/\\\/bentheimer-kammerchor.de\\\/nl\\\/datenschutzerklaerung\\\/\"]}]},{\"@type\":\"BreadcrumbList\",\"@id\":\"https:\\\/\\\/bentheimer-kammerchor.de\\\/nl\\\/datenschutzerklaerung\\\/#breadcrumb\",\"itemListElement\":[{\"@type\":\"ListItem\",\"position\":1,\"name\":\"Startseite\",\"item\":\"https:\\\/\\\/bentheimer-kammerchor.de\\\/\"},{\"@type\":\"ListItem\",\"position\":2,\"name\":\"Datenschutzerkl\u00e4rung\"}]},{\"@type\":\"WebSite\",\"@id\":\"https:\\\/\\\/bentheimer-kammerchor.de\\\/#website\",\"url\":\"https:\\\/\\\/bentheimer-kammerchor.de\\\/\",\"name\":\"Bentheimer Kammerchor\",\"description\":\"Ihr Chor in Bad Bentheim\",\"publisher\":{\"@id\":\"https:\\\/\\\/bentheimer-kammerchor.de\\\/#organization\"},\"potentialAction\":[{\"@type\":\"SearchAction\",\"target\":{\"@type\":\"EntryPoint\",\"urlTemplate\":\"https:\\\/\\\/bentheimer-kammerchor.de\\\/?s={search_term_string}\"},\"query-input\":{\"@type\":\"PropertyValueSpecification\",\"valueRequired\":true,\"valueName\":\"search_term_string\"}}],\"inLanguage\":\"nl-NL\"},{\"@type\":\"Organization\",\"@id\":\"https:\\\/\\\/bentheimer-kammerchor.de\\\/#organization\",\"name\":\"Bentheimer Kammerchor\",\"url\":\"https:\\\/\\\/bentheimer-kammerchor.de\\\/\",\"logo\":{\"@type\":\"ImageObject\",\"inLanguage\":\"nl-NL\",\"@id\":\"https:\\\/\\\/bentheimer-kammerchor.de\\\/#\\\/schema\\\/logo\\\/image\\\/\",\"url\":\"https:\\\/\\\/bentheimer-kammerchor.de\\\/wp-content\\\/uploads\\\/2024\\\/09\\\/Logo-Kammerchor-icon_menu.png\",\"contentUrl\":\"https:\\\/\\\/bentheimer-kammerchor.de\\\/wp-content\\\/uploads\\\/2024\\\/09\\\/Logo-Kammerchor-icon_menu.png\",\"width\":500,\"height\":500,\"caption\":\"Bentheimer Kammerchor\"},\"image\":{\"@id\":\"https:\\\/\\\/bentheimer-kammerchor.de\\\/#\\\/schema\\\/logo\\\/image\\\/\"},\"sameAs\":[\"https:\\\/\\\/www.facebook.com\\\/p\\\/Bentheimer-Kammerchor-100077937920379\\\/\"]}]}<\/script>\n<!-- \/ Yoast SEO plugin. -->","yoast_head_json":{"title":"Daten\u00adschut\u00adzer\u00adkl\u00e4\u00adrung \u2014 Bent\u00adhei\u00admer Kammerchor","robots":{"index":"index","follow":"follow","max-snippet":"max-snippet:-1","max-image-preview":"max-image-preview:large","max-video-preview":"max-video-preview:-1"},"canonical":"https:\/\/bentheimer-kammerchor.de\/nl\/datenschutzerklaerung\/","og_locale":"nl_NL","og_type":"article","og_title":"Datenschutzerkl\u00e4rung &#8212; Bentheimer Kammerchor","og_description":"1. Datenschutz auf einen Blick Allgemeine Hinweise Die folgenden Hinweise geben einen einfachen \u00dcberblick dar\u00fcber, was mit Ihren personenbezogenen Daten passiert, wenn Sie diese Website besuchen. Personenbezogene Daten sind alle Daten, mit denen Sie pers\u00f6nlich identifiziert werden k\u00f6nnen. Ausf\u00fchrliche Informationen zum Thema Datenschutz entnehmen Sie unserer unter diesem Text aufgef\u00fchrten Datenschutzerkl\u00e4rung. Datenerfassung auf dieser Website [&hellip;]","og_url":"https:\/\/bentheimer-kammerchor.de\/nl\/datenschutzerklaerung\/","og_site_name":"Bentheimer Kammerchor","article_publisher":"https:\/\/www.facebook.com\/p\/Bentheimer-Kammerchor-100077937920379\/","article_modified_time":"2024-05-21T09:52:08+00:00","og_image":[{"width":1600,"height":558,"url":"https:\/\/bentheimer-kammerchor.de\/wp-content\/uploads\/2024\/06\/Bentheimer-Kammerchor_edit.jpg","type":"image\/jpeg"}],"twitter_card":"summary_large_image","twitter_misc":{"Geschatte leestijd":"13 minuten"},"schema":{"@context":"https:\/\/schema.org","@graph":[{"@type":"WebPage","@id":"https:\/\/bentheimer-kammerchor.de\/nl\/datenschutzerklaerung\/","url":"https:\/\/bentheimer-kammerchor.de\/nl\/datenschutzerklaerung\/","name":"Daten\u00adschut\u00adzer\u00adkl\u00e4\u00adrung \u2014 Bent\u00adhei\u00admer Kammerchor","isPartOf":{"@id":"https:\/\/bentheimer-kammerchor.de\/#website"},"datePublished":"2024-04-21T11:38:56+00:00","dateModified":"2024-05-21T09:52:08+00:00","breadcrumb":{"@id":"https:\/\/bentheimer-kammerchor.de\/nl\/datenschutzerklaerung\/#breadcrumb"},"inLanguage":"nl-NL","potentialAction":[{"@type":"ReadAction","target":["https:\/\/bentheimer-kammerchor.de\/nl\/datenschutzerklaerung\/"]}]},{"@type":"BreadcrumbList","@id":"https:\/\/bentheimer-kammerchor.de\/nl\/datenschutzerklaerung\/#breadcrumb","itemListElement":[{"@type":"ListItem","position":1,"name":"Startseite","item":"https:\/\/bentheimer-kammerchor.de\/"},{"@type":"ListItem","position":2,"name":"Datenschutzerkl\u00e4rung"}]},{"@type":"WebSite","@id":"https:\/\/bentheimer-kammerchor.de\/#website","url":"https:\/\/bentheimer-kammerchor.de\/","name":"Bent\u00adhei\u00admer Kammerchor","description":"Ihr Chor in Bad Bentheim","publisher":{"@id":"https:\/\/bentheimer-kammerchor.de\/#organization"},"potentialAction":[{"@type":"SearchAction","target":{"@type":"EntryPoint","urlTemplate":"https:\/\/bentheimer-kammerchor.de\/?s={search_term_string}"},"query-input":{"@type":"PropertyValueSpecification","valueRequired":true,"valueName":"search_term_string"}}],"inLanguage":"nl-NL"},{"@type":"Organization","@id":"https:\/\/bentheimer-kammerchor.de\/#organization","name":"Bent\u00adhei\u00admer Kammerchor","url":"https:\/\/bentheimer-kammerchor.de\/","logo":{"@type":"ImageObject","inLanguage":"nl-NL","@id":"https:\/\/bentheimer-kammerchor.de\/#\/schema\/logo\/image\/","url":"https:\/\/bentheimer-kammerchor.de\/wp-content\/uploads\/2024\/09\/Logo-Kammerchor-icon_menu.png","contentUrl":"https:\/\/bentheimer-kammerchor.de\/wp-content\/uploads\/2024\/09\/Logo-Kammerchor-icon_menu.png","width":500,"height":500,"caption":"Bentheimer Kammerchor"},"image":{"@id":"https:\/\/bentheimer-kammerchor.de\/#\/schema\/logo\/image\/"},"sameAs":["https:\/\/www.facebook.com\/p\/Bentheimer-Kammerchor-100077937920379\/"]}]}},"_links":{"self":[{"href":"https:\/\/bentheimer-kammerchor.de\/nl\/wp-json\/wp\/v2\/pages\/3","targetHints":{"allow":["GET"]}}],"collection":[{"href":"https:\/\/bentheimer-kammerchor.de\/nl\/wp-json\/wp\/v2\/pages"}],"about":[{"href":"https:\/\/bentheimer-kammerchor.de\/nl\/wp-json\/wp\/v2\/types\/page"}],"author":[{"embeddable":true,"href":"https:\/\/bentheimer-kammerchor.de\/nl\/wp-json\/wp\/v2\/users\/1"}],"replies":[{"embeddable":true,"href":"https:\/\/bentheimer-kammerchor.de\/nl\/wp-json\/wp\/v2\/comments?post=3"}],"version-history":[{"count":3,"href":"https:\/\/bentheimer-kammerchor.de\/nl\/wp-json\/wp\/v2\/pages\/3\/revisions"}],"predecessor-version":[{"id":201,"href":"https:\/\/bentheimer-kammerchor.de\/nl\/wp-json\/wp\/v2\/pages\/3\/revisions\/201"}],"wp:attachment":[{"href":"https:\/\/bentheimer-kammerchor.de\/nl\/wp-json\/wp\/v2\/media?parent=3"}],"curies":[{"name":"wp","href":"https:\/\/api.w.org\/{rel}","templated":true}]}}